{"id":570,"date":"2024-09-07T20:44:13","date_gmt":"2024-09-07T18:44:13","guid":{"rendered":"https:\/\/jankotka.se\/?page_id=570"},"modified":"2024-09-07T20:44:13","modified_gmt":"2024-09-07T18:44:13","slug":"galleri-fafangan-och-portratt","status":"publish","type":"page","link":"https:\/\/jankotka.se\/index.php\/galleri-fafangan-och-portratt\/","title":{"rendered":"Galleri F\u00e5f\u00e4ngan och portr\u00e4tt"},"content":{"rendered":"\n<div class=\"wp-block-group alignfull has-global-padding is-layout-constrained wp-block-group-is-layout-constrained\"><div class=\"pgc-sgb-cb wp-block-pgcsimplygalleryblock-viewer alignfull\" data-gallery-id=\"17f58856\"><div class=\"sgb-preloader\" id=\"pr_17f58856\">\n\t<div class=\"sgb-square\" style=\"background:#d4d4d4\"><\/div>\n\t<div class=\"sgb-square\" style=\"background:#d4d4d4\"><\/div>\n\t<div class=\"sgb-square\" style=\"background:#d4d4d4\"><\/div>\n\t<div class=\"sgb-square\" style=\"background:#d4d4d4\"><\/div><\/div><div class=\"simply-gallery-amp pgc_sgb_slider alignfull\"><noscript><div class=\"sgb-gallery\"><div class=\"sgb-item\"><a href=\"https:\/\/jankotka.se\/wp-content\/uploads\/2024\/09\/1069-Fafangans_cafe_Danvikstull_med_Djurgarden_av_Jan_Kotka_besk_korr.jpg\"><img decoding=\"async\" alt=\"\" width=\"500\" height=\"318\" loading=\"lazy\" src=\"https:\/\/jankotka.se\/wp-content\/uploads\/2024\/09\/1069-Fafangans_cafe_Danvikstull_med_Djurgarden_av_Jan_Kotka_besk_korr-500x318.jpg\" srcset=\"https:\/\/jankotka.se\/wp-content\/uploads\/2024\/09\/1069-Fafangans_cafe_Danvikstull_med_Djurgarden_av_Jan_Kotka_besk_korr-500x318.jpg 500w,https:\/\/jankotka.se\/wp-content\/uploads\/2024\/09\/1069-Fafangans_cafe_Danvikstull_med_Djurgarden_av_Jan_Kotka_besk_korr-1024x650.jpg 1024w,https:\/\/jankotka.se\/wp-content\/uploads\/2024\/09\/1069-Fafangans_cafe_Danvikstull_med_Djurgarden_av_Jan_Kotka_besk_korr.jpg 1214w\" sizes=\"auto, 250px\"\/><\/a><\/div><div class=\"sgb-item\"><a href=\"https:\/\/jankotka.se\/wp-content\/uploads\/2024\/09\/1298-Rullgardin-med-massa-portratt_av_Jan_Kotka_korr-scaled.jpg\"><img decoding=\"async\" alt=\"\" width=\"406\" height=\"500\" loading=\"lazy\" src=\"https:\/\/jankotka.se\/wp-content\/uploads\/2024\/09\/1298-Rullgardin-med-massa-portratt_av_Jan_Kotka_korr-406x500.jpg\" srcset=\"https:\/\/jankotka.se\/wp-content\/uploads\/2024\/09\/1298-Rullgardin-med-massa-portratt_av_Jan_Kotka_korr-406x500.jpg 406w,https:\/\/jankotka.se\/wp-content\/uploads\/2024\/09\/1298-Rullgardin-med-massa-portratt_av_Jan_Kotka_korr-832x1024.jpg 832w,https:\/\/jankotka.se\/wp-content\/uploads\/2024\/09\/1298-Rullgardin-med-massa-portratt_av_Jan_Kotka_korr-scaled.jpg 2080w\" sizes=\"auto, 250px\"\/><\/a><div class=\"sgb-item-caption\"><em>Teckningar p\u00e5 gammal rullgardin \nMin barndom och familj i Finland under 50-talet<\/em><\/div><\/div><\/div><\/noscript><\/div><script type=\"application\/json\" class=\"sgb-data\">{\"galleryType\":\"pgc_sgb_viewer\",\"align\":\"full\",\"galleryId\":\"17f58856\",\"images\":[{\"id\":568,\"title\":\"1069.   F\u00e5f\u00e4ngan Stockholm\",\"url\":\"https:\/\/jankotka.se\/wp-content\/uploads\/2024\/09\/1069-Fafangans_cafe_Danvikstull_med_Djurgarden_av_Jan_Kotka_besk_korr.jpg\",\"link\":\"https:\/\/jankotka.se\/index.php\/pgc_simply_gallery\/fafangan-och-portratt\/1069-fafangans_cafe_danvikstull_med_djurgarden_av_jan_kotka_besk_korr\/\",\"alt\":\"\",\"description\":\"\",\"caption\":\"\",\"mime\":\"image\/jpeg\",\"type\":\"image\",\"width\":1214,\"height\":771,\"sizes\":{\"thumbnail\":{\"height\":250,\"width\":250,\"url\":\"https:\/\/jankotka.se\/wp-content\/uploads\/2024\/09\/1069-Fafangans_cafe_Danvikstull_med_Djurgarden_av_Jan_Kotka_besk_korr-250x250.jpg\",\"orientation\":\"landscape\"},\"medium\":{\"height\":318,\"width\":500,\"url\":\"https:\/\/jankotka.se\/wp-content\/uploads\/2024\/09\/1069-Fafangans_cafe_Danvikstull_med_Djurgarden_av_Jan_Kotka_besk_korr-500x318.jpg\",\"orientation\":\"landscape\"},\"large\":{\"height\":650,\"width\":1024,\"url\":\"https:\/\/jankotka.se\/wp-content\/uploads\/2024\/09\/1069-Fafangans_cafe_Danvikstull_med_Djurgarden_av_Jan_Kotka_besk_korr-1024x650.jpg\",\"orientation\":\"landscape\"},\"full\":{\"url\":\"https:\/\/jankotka.se\/wp-content\/uploads\/2024\/09\/1069-Fafangans_cafe_Danvikstull_med_Djurgarden_av_Jan_Kotka_besk_korr.jpg\",\"height\":771,\"width\":1214,\"orientation\":\"landscape\"}},\"imageMeta\":{\"aperture\":\"0\",\"credit\":\"\",\"camera\":\"\",\"caption\":\"\",\"created_timestamp\":\"0\",\"copyright\":\"\",\"focal_length\":\"0\",\"iso\":\"0\",\"shutter_speed\":\"0\",\"title\":\"\",\"orientation\":\"1\",\"keywords\":[]},\"meta\":false},{\"id\":569,\"title\":\"1298 Rullgardin\",\"url\":\"https:\/\/jankotka.se\/wp-content\/uploads\/2024\/09\/1298-Rullgardin-med-massa-portratt_av_Jan_Kotka_korr-scaled.jpg\",\"link\":\"https:\/\/jankotka.se\/index.php\/pgc_simply_gallery\/fafangan-och-portratt\/1298-rullgardin-med-massa-portratt_av_jan_kotka_korr\/\",\"alt\":\"\",\"description\":\"\",\"caption\":\"Teckningar p\u00e5 gammal rullgardin \\nMin barndom och familj i Finland under 50-talet\",\"mime\":\"image\/jpeg\",\"type\":\"image\",\"width\":2080,\"height\":2560,\"sizes\":{\"thumbnail\":{\"height\":250,\"width\":250,\"url\":\"https:\/\/jankotka.se\/wp-content\/uploads\/2024\/09\/1298-Rullgardin-med-massa-portratt_av_Jan_Kotka_korr-250x250.jpg\",\"orientation\":\"landscape\"},\"medium\":{\"height\":500,\"width\":406,\"url\":\"https:\/\/jankotka.se\/wp-content\/uploads\/2024\/09\/1298-Rullgardin-med-massa-portratt_av_Jan_Kotka_korr-406x500.jpg\",\"orientation\":\"portrait\"},\"large\":{\"height\":1024,\"width\":832,\"url\":\"https:\/\/jankotka.se\/wp-content\/uploads\/2024\/09\/1298-Rullgardin-med-massa-portratt_av_Jan_Kotka_korr-832x1024.jpg\",\"orientation\":\"portrait\"},\"full\":{\"url\":\"https:\/\/jankotka.se\/wp-content\/uploads\/2024\/09\/1298-Rullgardin-med-massa-portratt_av_Jan_Kotka_korr-scaled.jpg\",\"height\":2560,\"width\":2080,\"orientation\":\"portrait\"}},\"imageMeta\":{\"aperture\":\"0\",\"credit\":\"Lisen Kalm\u00e9r Fredricson\",\"camera\":\"\",\"caption\":\"\",\"created_timestamp\":\"0\",\"copyright\":\"Lisen Kalm\u00e9r Fredricson\",\"focal_length\":\"0\",\"iso\":\"0\",\"shutter_speed\":\"0\",\"title\":\"\",\"orientation\":\"1\",\"keywords\":[]},\"meta\":false}],\"useClobalSettings\":true,\"sliderRatio\":0.55,\"sliderItemTitleFontSize\":16,\"sliderItemDescriptionEnable\":true,\"sliderBgColor\":\"rgba(255,247,164,1)\",\"sliderHeaderFooterBgColor\":\"rgba(36,78,138,1)\",\"sliderNavigationColor\":\"rgba(36,78,138,1)\",\"sliderNavigationIconColorOver\":\"rgba(56,98,159,1)\",\"collectionColumns\":5,\"collectionThumbRecomendedWidth\":200,\"itemsMetaDataCollection\":[]}<\/script><script>(function(){if(window.PGC_SGB && window.PGC_SGB.searcher){window.PGC_SGB.searcher.initBlocks()}})()<\/script><\/div><\/div>\n","protected":false},"excerpt":{"rendered":"","protected":false},"author":1,"featured_media":0,"parent":0,"menu_order":0,"comment_status":"closed","ping_status":"closed","template":"","meta":{"pgc_sgb_lightbox_settings":"","footnotes":""},"class_list":["post-570","page","type-page","status-publish","hentry"],"_links":{"self":[{"href":"https:\/\/jankotka.se\/index.php\/wp-json\/wp\/v2\/pages\/570","targetHints":{"allow":["GET"]}}],"collection":[{"href":"https:\/\/jankotka.se\/index.php\/wp-json\/wp\/v2\/pages"}],"about":[{"href":"https:\/\/jankotka.se\/index.php\/wp-json\/wp\/v2\/types\/page"}],"author":[{"embeddable":true,"href":"https:\/\/jankotka.se\/index.php\/wp-json\/wp\/v2\/users\/1"}],"replies":[{"embeddable":true,"href":"https:\/\/jankotka.se\/index.php\/wp-json\/wp\/v2\/comments?post=570"}],"version-history":[{"count":1,"href":"https:\/\/jankotka.se\/index.php\/wp-json\/wp\/v2\/pages\/570\/revisions"}],"predecessor-version":[{"id":571,"href":"https:\/\/jankotka.se\/index.php\/wp-json\/wp\/v2\/pages\/570\/revisions\/571"}],"wp:attachment":[{"href":"https:\/\/jankotka.se\/index.php\/wp-json\/wp\/v2\/media?parent=570"}],"curies":[{"name":"wp","href":"https:\/\/api.w.org\/{rel}","templated":true}]}}